{"id":2,"date":"2023-02-22T14:01:52","date_gmt":"2023-02-22T14:01:52","guid":{"rendered":"https:\/\/www.radiotaxicatalunya.cat\/?page_id=2"},"modified":"2026-02-12T15:51:53","modified_gmt":"2026-02-12T15:51:53","slug":"sample-page","status":"publish","type":"page","link":"https:\/\/www.radiotaxicatalunya.cat\/es\/","title":{"rendered":"Home"},"content":{"rendered":"<p>[et_pb_section fb_built=\u00bb1&#8243; _builder_version=\u00bb4.20.0&#8243; _module_preset=\u00bbdefault\u00bb background_enable_image=\u00bboff\u00bb custom_margin=\u00bb0px||0px||false|false\u00bb custom_padding=\u00bb0px||0px||false|false\u00bb global_colors_info=\u00bb{}\u00bb][et_pb_row column_structure=\u00bb1_5,1_5,1_5,1_5,1_5&#8243; use_custom_gutter=\u00bbon\u00bb gutter_width=\u00bb1&#8243; disabled_on=\u00bboff|on|on\u00bb admin_label=\u00bbphone-top\u00bb module_id=\u00bbphone-top\u00bb _builder_version=\u00bb4.20.0&#8243; _module_preset=\u00bbdefault\u00bb width=\u00bb100%\u00bb max_width=\u00bb2560px\u00bb custom_margin=\u00bb0px||0px||false|false\u00bb custom_padding=\u00bb0px||0px||false|false\u00bb custom_css_main_element=\u00bbz-index:1000;\u00bb global_colors_info=\u00bb{}\u00bb][et_pb_column type=\u00bb1_5&#8243; module_class=\u00bbphone-top\u00bb _builder_version=\u00bb4.20.0&#8243; _module_preset=\u00bbdefault\u00bb global_colors_info=\u00bb{}\u00bb][\/et_pb_column][et_pb_column type=\u00bb1_5&#8243; module_class=\u00bbphone-top\u00bb _builder_version=\u00bb4.20.0&#8243; _module_preset=\u00bbdefault\u00bb global_colors_info=\u00bb{}\u00bb][\/et_pb_column][et_pb_column type=\u00bb1_5&#8243; module_class=\u00bbphone-top\u00bb _builder_version=\u00bb4.20.0&#8243; _module_preset=\u00bbdefault\u00bb global_colors_info=\u00bb{}\u00bb][et_pb_image src=\u00bbhttps:\/\/www.radiotaxicatalunya.cat\/wp-content\/uploads\/2023\/03\/phone.png\u00bb title_text=\u00bbphone\u00bb url=\u00bbtel:937166262&#8243; force_fullwidth=\u00bbon\u00bb admin_label=\u00bbphone-top\u00bb _builder_version=\u00bb4.20.0&#8243; _module_preset=\u00bbdefault\u00bb global_colors_info=\u00bb{}\u00bb][\/et_pb_image][\/et_pb_column][et_pb_column type=\u00bb1_5&#8243; module_class=\u00bbphone-top\u00bb _builder_version=\u00bb4.20.0&#8243; _module_preset=\u00bbdefault\u00bb global_colors_info=\u00bb{}\u00bb][\/et_pb_column][et_pb_column type=\u00bb1_5&#8243; module_class=\u00bbphone-top\u00bb _builder_version=\u00bb4.20.0&#8243; _module_preset=\u00bbdefault\u00bb global_colors_info=\u00bb{}\u00bb][\/et_pb_column][\/et_pb_row][et_pb_row module_id=\u00bbdeslizador\u00bb _builder_version=\u00bb4.20.0&#8243; _module_preset=\u00bbdefault\u00bb width=\u00bb100%\u00bb max_width=\u00bb2560px\u00bb custom_margin=\u00bb0px||0px||false|false\u00bb custom_padding=\u00bb0px||0px||false|false\u00bb global_colors_info=\u00bb{}\u00bb][et_pb_column type=\u00bb4_4&#8243; _builder_version=\u00bb4.20.0&#8243; _module_preset=\u00bbdefault\u00bb global_colors_info=\u00bb{}\u00bb][et_pb_text admin_label=\u00bbSlide\u00bb _builder_version=\u00bb4.20.0&#8243; _module_preset=\u00bbdefault\u00bb global_colors_info=\u00bb{}\u00bb]<div id=\"metaslider-id-232\" style=\"width: 100%;\" class=\"ml-slider-3-108-0 metaslider metaslider-nivo metaslider-232 ml-slider ms-theme-default\" role=\"region\" aria-label=\"Nueva presentaci\u00f3n de diapositivas\" data-height=\"655\" data-width=\"2000\">\n    <div id=\"metaslider_container_232\">\n        <div class='slider-wrapper theme-default'><div class='ribbon'><\/div><div id='metaslider_232' class='nivoSlider'><a href=\"tel:937166262\" target=\"_self\"><img loading=\"lazy\" decoding=\"async\" src=\"https:\/\/www.radiotaxicatalunya.cat\/wp-content\/uploads\/2023\/03\/slide1esp-2000x655.jpg\" height=\"655\" width=\"2000\" title=\"Taxi_Catalunya_DIPTICO_OUT.fh11\" alt=\"\" class=\"slider-232 slide-233 msDefaultImage\" \/><\/a><a href=\"tel:937166262\" target=\"_self\"><img loading=\"lazy\" decoding=\"async\" src=\"https:\/\/www.radiotaxicatalunya.cat\/wp-content\/uploads\/2023\/03\/slide2esp-1990x652.jpg\" height=\"655\" width=\"2000\" title=\"Taxi_Catalunya_DIPTICO_OUT.fh11\" alt=\"\" class=\"slider-232 slide-234 msDefaultImage\" \/><\/a><\/div><\/div>\n        \n    <\/div>\n<\/div>[\/et_pb_text][\/et_pb_column][\/et_pb_row][et_pb_row disabled_on=\u00bbon|on|on\u00bb module_id=\u00bbdeslizador\u00bb _builder_version=\u00bb4.20.0&#8243; _module_preset=\u00bbdefault\u00bb background_color=\u00bbRGBA(255,255,255,0)\u00bb width=\u00bb100%\u00bb max_width=\u00bb2560px\u00bb custom_margin=\u00bb||0px||false|false\u00bb custom_padding=\u00bb||0px||false|false\u00bb disabled=\u00bbon\u00bb global_colors_info=\u00bb{}\u00bb][et_pb_column type=\u00bb4_4&#8243; _builder_version=\u00bb4.20.0&#8243; _module_preset=\u00bbdefault\u00bb global_colors_info=\u00bb{}\u00bb][et_pb_slider _builder_version=\u00bb4.20.0&#8243; _module_preset=\u00bbdefault\u00bb background_color=\u00bbRGBA(255,255,255,0)\u00bb module_alignment=\u00bbcenter\u00bb auto=\u00bbon\u00bb auto_speed=\u00bb3500&#8243; hover_transition_duration=\u00bb100ms\u00bb global_colors_info=\u00bb{}\u00bb][et_pb_slide _builder_version=\u00bb4.20.0&#8243; _module_preset=\u00bbdefault\u00bb global_colors_info=\u00bb{}\u00bb sticky_transition=\u00bbon\u00bb]<a href=\"tel:937166262\"><img decoding=\"async\" src=\"https:\/\/www.radiotaxicatalunya.cat\/wp-content\/uploads\/2023\/02\/taxisCatalunya-phone.png\" alt=\"\" class=\"wp-image-131 alignnone size-medium\" \/><\/a>[\/et_pb_slide][et_pb_slide _builder_version=\u00bb4.20.0&#8243; _module_preset=\u00bbdefault\u00bb global_colors_info=\u00bb{}\u00bb sticky_transition=\u00bbon\u00bb]<\/p>\n<h2 style=\"text-align: center;\">Servicio Taxi Sabadell<\/h2>\n<p>[\/et_pb_slide][et_pb_slide _builder_version=\u00bb4.20.0&#8243; _module_preset=\u00bbdefault\u00bb global_colors_info=\u00bb{}\u00bb sticky_transition=\u00bbon\u00bb]<\/p>\n<h2 style=\"text-align: center;\">Servicio Taxi  Sant Quirze del Vall\u00e8s<\/h2>\n<p>[\/et_pb_slide][et_pb_slide _builder_version=\u00bb4.20.0&#8243; _module_preset=\u00bbdefault\u00bb global_colors_info=\u00bb{}\u00bb sticky_transition=\u00bbon\u00bb]<\/p>\n<h2 style=\"text-align: center;\">Reservas anticipadas<\/h2>\n<p>[\/et_pb_slide][et_pb_slide _builder_version=\u00bb4.20.0&#8243; _module_preset=\u00bbdefault\u00bb global_colors_info=\u00bb{}\u00bb sticky_transition=\u00bbon\u00bb]<\/p>\n<h2 style=\"text-align: center;\">Flota con m\u00e1s de 20 veh\u00edculos<\/h2>\n<p>[\/et_pb_slide][et_pb_slide _builder_version=\u00bb4.20.0&#8243; _module_preset=\u00bbdefault\u00bb global_colors_info=\u00bb{}\u00bb sticky_transition=\u00bbon\u00bb]<\/p>\n<h2 style=\"text-align: center;\">Pago con tarjeta<\/h2>\n<p>[\/et_pb_slide][et_pb_slide _builder_version=\u00bb4.20.0&#8243; _module_preset=\u00bbdefault\u00bb global_colors_info=\u00bb{}\u00bb sticky_transition=\u00bbon\u00bb]<\/p>\n<h2 style=\"text-align: center;\">Veh\u00edculos de 7 plazas<\/h2>\n<p>[\/et_pb_slide][\/et_pb_slider][\/et_pb_column][\/et_pb_row][et_pb_row column_structure=\u00bb1_5,1_5,1_5,1_5,1_5&#8243; use_custom_gutter=\u00bbon\u00bb gutter_width=\u00bb1&#8243; disabled_on=\u00bbon|off|off\u00bb admin_label=\u00bbphone-top\u00bb module_id=\u00bbphone-top\u00bb _builder_version=\u00bb4.20.0&#8243; _module_preset=\u00bbdefault\u00bb width=\u00bb100%\u00bb max_width=\u00bb2560px\u00bb custom_margin=\u00bb0px||0px||false|false\u00bb custom_padding=\u00bb0px||0px||false|false\u00bb custom_css_main_element=\u00bbz-index:1000;\u00bb global_colors_info=\u00bb{}\u00bb][et_pb_column type=\u00bb1_5&#8243; module_class=\u00bbphone-top\u00bb _builder_version=\u00bb4.20.0&#8243; _module_preset=\u00bbdefault\u00bb global_colors_info=\u00bb{}\u00bb][\/et_pb_column][et_pb_column type=\u00bb1_5&#8243; module_class=\u00bbphone-top\u00bb _builder_version=\u00bb4.20.0&#8243; _module_preset=\u00bbdefault\u00bb global_colors_info=\u00bb{}\u00bb][\/et_pb_column][et_pb_column type=\u00bb1_5&#8243; module_class=\u00bbphone-top\u00bb _builder_version=\u00bb4.20.0&#8243; _module_preset=\u00bbdefault\u00bb global_colors_info=\u00bb{}\u00bb][et_pb_image src=\u00bbhttps:\/\/www.radiotaxicatalunya.cat\/wp-content\/uploads\/2023\/03\/phone.png\u00bb title_text=\u00bbphone\u00bb url=\u00bbtel:937166262&#8243; force_fullwidth=\u00bbon\u00bb admin_label=\u00bbphone-top\u00bb _builder_version=\u00bb4.20.0&#8243; _module_preset=\u00bbdefault\u00bb global_colors_info=\u00bb{}\u00bb][\/et_pb_image][\/et_pb_column][et_pb_column type=\u00bb1_5&#8243; module_class=\u00bbphone-top\u00bb _builder_version=\u00bb4.20.0&#8243; _module_preset=\u00bbdefault\u00bb global_colors_info=\u00bb{}\u00bb][\/et_pb_column][et_pb_column type=\u00bb1_5&#8243; module_class=\u00bbphone-top\u00bb _builder_version=\u00bb4.20.0&#8243; _module_preset=\u00bbdefault\u00bb global_colors_info=\u00bb{}\u00bb][\/et_pb_column][\/et_pb_row][\/et_pb_section][et_pb_section fb_built=\u00bb1&#8243; module_id=\u00bbavisos\u00bb _builder_version=\u00bb4.20.0&#8243; _module_preset=\u00bbdefault\u00bb global_colors_info=\u00bb{}\u00bb][et_pb_row column_structure=\u00bb1_5,3_5,1_5&#8243; _builder_version=\u00bb4.20.0&#8243; _module_preset=\u00bbdefault\u00bb custom_margin=\u00bb||0px||false|false\u00bb global_colors_info=\u00bb{}\u00bb][et_pb_column type=\u00bb1_5&#8243; _builder_version=\u00bb4.20.0&#8243; _module_preset=\u00bbdefault\u00bb global_colors_info=\u00bb{}\u00bb][\/et_pb_column][et_pb_column type=\u00bb3_5&#8243; _builder_version=\u00bb4.20.0&#8243; _module_preset=\u00bbdefault\u00bb global_colors_info=\u00bb{}\u00bb][et_pb_image src=\u00bbhttps:\/\/www.radiotaxicatalunya.cat\/wp-content\/uploads\/2023\/03\/gracias.jpg\u00bb title_text=\u00bbGracias &#8211; 1&#8243; force_fullwidth=\u00bbon\u00bb _builder_version=\u00bb4.27.4&#8243; _module_preset=\u00bbdefault\u00bb global_colors_info=\u00bb{}\u00bb][\/et_pb_image][\/et_pb_column][et_pb_column type=\u00bb1_5&#8243; _builder_version=\u00bb4.20.0&#8243; _module_preset=\u00bbdefault\u00bb global_colors_info=\u00bb{}\u00bb][\/et_pb_column][\/et_pb_row][et_pb_row _builder_version=\u00bb4.20.0&#8243; _module_preset=\u00bbdefault\u00bb custom_margin=\u00bb0px||||false|false\u00bb custom_padding=\u00bb0px||||false|false\u00bb global_colors_info=\u00bb{}\u00bb][et_pb_column type=\u00bb4_4&#8243; _builder_version=\u00bb4.20.0&#8243; _module_preset=\u00bbdefault\u00bb global_colors_info=\u00bb{}\u00bb][et_pb_text admin_label=\u00bbTitular del aviso\u00bb _builder_version=\u00bb4.20.0&#8243; _module_preset=\u00bbdefault\u00bb custom_margin=\u00bb||0px||false|false\u00bb global_colors_info=\u00bb{}\u00bb]<\/p>\n<h3 style=\"text-align: center;\">Te damos la bienvenida a nuestra p\u00e1gina web.<\/h3>\n<h3 style=\"text-align: center;\">Somos tu compa\u00f1\u00eda de taxis de confianza en Sabadell y Sant Quirze del Vall\u00e8s<\/h3>\n<p>[\/et_pb_text][\/et_pb_column][\/et_pb_row][\/et_pb_section][et_pb_section fb_built=\u00bb1&#8243; admin_label=\u00bbSecci\u00f3n SERVICIOS\u00bb module_id=\u00bbservicios\u00bb _builder_version=\u00bb4.20.0&#8243; _module_preset=\u00bbdefault\u00bb custom_margin=\u00bb0px||||false|false\u00bb custom_padding=\u00bb0px||||false|false\u00bb global_colors_info=\u00bb{}\u00bb][et_pb_row module_class=\u00bbsection-title\u00bb _builder_version=\u00bb4.20.0&#8243; _module_preset=\u00bbdefault\u00bb width=\u00bb100%\u00bb max_width=\u00bb2560px\u00bb custom_margin=\u00bb0px||||false|false\u00bb custom_padding=\u00bb0px||||false|false\u00bb global_colors_info=\u00bb{}\u00bb][et_pb_column type=\u00bb4_4&#8243; _builder_version=\u00bb4.20.0&#8243; _module_preset=\u00bbdefault\u00bb global_colors_info=\u00bb{}\u00bb][et_pb_text admin_label=\u00bbServicios\u00bb _builder_version=\u00bb4.20.0&#8243; _module_preset=\u00bbdefault\u00bb global_colors_info=\u00bb{}\u00bb]<\/p>\n<h2 style=\"text-align: center;\">Servicios<\/h2>\n<p>[\/et_pb_text][\/et_pb_column][\/et_pb_row][et_pb_row _builder_version=\u00bb4.20.0&#8243; _module_preset=\u00bbdefault\u00bb global_colors_info=\u00bb{}\u00bb][et_pb_column type=\u00bb4_4&#8243; _builder_version=\u00bb4.20.0&#8243; _module_preset=\u00bbdefault\u00bb global_colors_info=\u00bb{}\u00bb][et_pb_text admin_label=\u00bbAtenci\u00f3n personalizada y disponibilidad las 24 horas &#8230;\u00bb _builder_version=\u00bb4.20.0&#8243; _module_preset=\u00bbdefault\u00bb global_colors_info=\u00bb{}\u00bb]<\/p>\n<h2 style=\"text-align: center;\">Atenci\u00f3n personalizada y disponibilidad las 24 horas, los 365 d\u00edas del a\u00f1o, previa reserva. Los servicios inmediatos est\u00e1n sujetos a disponibilidad.<\/h2>\n<h3 style=\"text-align: center;\">Profesionales con m\u00e1s de 49 a\u00f1os de experiencia, lo cual nos convierte en l\u00edderes en el sector.<\/h3>\n<p>[\/et_pb_text][\/et_pb_column][\/et_pb_row][et_pb_row column_structure=\u00bb1_3,1_3,1_3&#8243; use_custom_gutter=\u00bbon\u00bb gutter_width=\u00bb2&#8243; make_equal=\u00bbon\u00bb module_class=\u00bbservicios\u00bb _builder_version=\u00bb4.20.0&#8243; _module_preset=\u00bbdefault\u00bb global_colors_info=\u00bb{}\u00bb][et_pb_column type=\u00bb1_3&#8243; _builder_version=\u00bb4.20.0&#8243; _module_preset=\u00bbdefault\u00bb global_colors_info=\u00bb{}\u00bb][et_pb_text admin_label=\u00bbAplicaciones m\u00f3viles\u00bb _builder_version=\u00bb4.20.0&#8243; _module_preset=\u00bbdefault\u00bb global_colors_info=\u00bb{}\u00bb]<\/p>\n<h3 style=\"text-align: center;\">Aplicaciones m\u00f3viles<\/h3>\n<p><i class=\"fa-solid fa-mobile-screen-button fa-3x\"><\/i>[\/et_pb_text][et_pb_text admin_label=\u00bbAplicaciones\u00bb module_class=\u00bblist\u00bb _builder_version=\u00bb4.20.0&#8243; _module_preset=\u00bbdefault\u00bb global_colors_info=\u00bb{}\u00bb]<\/p>\n<p>Radio Taxi Catalunya de Sabadell pone a disposici\u00f3n del usuario diversas aplicaciones que permiten solicitar el taxi de manera gratuita a trav\u00e9s del m\u00f3vil.<\/p>\n<hr \/>\n<ul>\n<li>\n<h4><a href=\"https:\/\/play.google.com\/store\/apps\/details?id=com.joinuptaxi.passenger&amp;hl=es&amp;gl=US&amp;pli=1\" target=\"_blank\" rel=\"noopener\">JoinUp Taxi<\/a><\/h4>\n<\/li>\n<li>\n<h4><a href=\"#\">Web Movil<\/a><\/h4>\n<\/li>\n<li>\n<h4><a href=\"tel:937166262\"> <i class=\"fa-solid fa-mobile-screen-button\"><\/i> 93 716 62 62<\/a><\/h4>\n<\/li>\n<li>\n<h4><a href=\"mailto:info@radiotaxicatalunya.cat\">info@radiotaxicatalunya.cat<\/a><\/h4>\n<\/li>\n<\/ul>\n<p>[\/et_pb_text][\/et_pb_column][et_pb_column type=\u00bb1_3&#8243; _builder_version=\u00bb4.20.0&#8243; _module_preset=\u00bbdefault\u00bb global_colors_info=\u00bb{}\u00bb][et_pb_text admin_label=\u00bbServicios de Taxi\u00bb _builder_version=\u00bb4.20.0&#8243; _module_preset=\u00bbdefault\u00bb global_colors_info=\u00bb{}\u00bb]<\/p>\n<h3 style=\"text-align: center;\">Servicios de Taxi<\/h3>\n<p><i class=\"fa-solid fa-taxi fa-3x\"><\/i>[\/et_pb_text][et_pb_text admin_label=\u00bbServicios\u00bb module_class=\u00bblist\u00bb _builder_version=\u00bb4.20.0&#8243; _module_preset=\u00bbdefault\u00bb global_colors_info=\u00bb{}\u00bb]<\/p>\n<p>Realizamos servicios urbanos, nacionales, internacionales, de hora programada pudiendo reservar y disponer de taxi a una hora y fecha concretas.<\/p>\n<hr \/>\n<ul>\n<li>\n<h4>Servicios Nacionales e Internacionales<\/h4>\n<\/li>\n<li>\n<h4>Servicios para Particulares<\/h4>\n<\/li>\n<li>\n<h4>Servicios para Empresas<\/h4>\n<\/li>\n<li>\n<h4>Servicio de Paqueter\u00eda<\/h4>\n<\/li>\n<li>\n<h4>Rutas tur\u00edsticas<\/h4>\n<\/li>\n<\/ul>\n<p>[\/et_pb_text][\/et_pb_column][et_pb_column type=\u00bb1_3&#8243; _builder_version=\u00bb4.20.0&#8243; _module_preset=\u00bbdefault\u00bb global_colors_info=\u00bb{}\u00bb][et_pb_text admin_label=\u00bbTraslados y recogidas\u00bb _builder_version=\u00bb4.20.0&#8243; _module_preset=\u00bbdefault\u00bb global_colors_info=\u00bb{}\u00bb]<\/p>\n<h3 style=\"text-align: center;\">Traslados y recogidas<\/h3>\n<p><i class=\"fa-solid fa-van-shuttle fa-3x\"><\/i>[\/et_pb_text][et_pb_text admin_label=\u00bbServicios\u00bb module_class=\u00bblist\u00bb _builder_version=\u00bb4.20.0&#8243; _module_preset=\u00bbdefault\u00bb global_colors_info=\u00bb{}\u00bb]Trabajamos las 24 horas, <strong>previa reserva<\/strong>, los 365 d\u00edas del a\u00f1o. Los servicios inmediatos est\u00e1n sujetos a disponibilidad en ese momento. Todos nuestros veh\u00edculos est\u00e1n equipados con TPV para poder pagar con tarjetas VISA-American Express y MasterCard.<\/p>\n<hr \/>\n<ul>\n<li>\n<h4>Aeropuertos<\/h4>\n<\/li>\n<li>\n<h4>Estaciones<\/h4>\n<\/li>\n<li>\n<h4>Hospitales<\/h4>\n<\/li>\n<li>\n<h4>Servicios con espera<\/h4>\n<\/li>\n<li>\n<h4>Eventos<\/h4>\n<\/li>\n<\/ul>\n<p>[\/et_pb_text][\/et_pb_column][\/et_pb_row][et_pb_row _builder_version=\u00bb4.20.0&#8243; _module_preset=\u00bbdefault\u00bb global_colors_info=\u00bb{}\u00bb][et_pb_column type=\u00bb4_4&#8243; _builder_version=\u00bb4.20.0&#8243; _module_preset=\u00bbdefault\u00bb global_colors_info=\u00bb{}\u00bb][et_pb_text admin_label=\u00bb937 16 62 62&#8243; _builder_version=\u00bb4.20.0&#8243; _module_preset=\u00bbdefault\u00bb global_colors_info=\u00bb{}\u00bb]<\/p>\n<h2 style=\"text-align: center;\"><a href=\"tel:937166262\"><i class=\"fa-solid fa-phone-flip\"><\/i> 93 716 62 62<\/a><\/h2>\n<p>[\/et_pb_text][\/et_pb_column][\/et_pb_row][\/et_pb_section][et_pb_section fb_built=\u00bb1&#8243; admin_label=\u00bbSecci\u00f3n TARIFAS\u00bb module_id=\u00bbtarifas\u00bb _builder_version=\u00bb4.20.0&#8243; _module_preset=\u00bbdefault\u00bb global_colors_info=\u00bb{}\u00bb][et_pb_row module_class=\u00bbsection-title\u00bb _builder_version=\u00bb4.20.0&#8243; _module_preset=\u00bbdefault\u00bb width=\u00bb100%\u00bb max_width=\u00bb2560px\u00bb global_colors_info=\u00bb{}\u00bb][et_pb_column type=\u00bb4_4&#8243; _builder_version=\u00bb4.20.0&#8243; _module_preset=\u00bbdefault\u00bb global_colors_info=\u00bb{}\u00bb][et_pb_text admin_label=\u00bbTarifas\u00bb _builder_version=\u00bb4.20.0&#8243; _module_preset=\u00bbdefault\u00bb global_colors_info=\u00bb{}\u00bb]<\/p>\n<h2 style=\"text-align: center;\">Tarifas<\/h2>\n<p>[\/et_pb_text][\/et_pb_column][\/et_pb_row][et_pb_row _builder_version=\u00bb4.20.0&#8243; _module_preset=\u00bbdefault\u00bb global_colors_info=\u00bb{}\u00bb][et_pb_column type=\u00bb4_4&#8243; _builder_version=\u00bb4.20.0&#8243; _module_preset=\u00bbdefault\u00bb global_colors_info=\u00bb{}\u00bb][et_pb_text admin_label=\u00bbTARIFAS SABADELL Y SANT QUIRZE DEL VALLES<br \/>\nTARIFAS OFICIALES A\u00d1O 2023&#8243; _builder_version=\u00bb4.20.0&#8243; _module_preset=\u00bbdefault\u00bb global_colors_info=\u00bb{}\u00bb]<\/p>\n<h3 style=\"text-align: center;\">TARIFAS SABADELL Y SANT QUIRZE DEL VALLES<\/h3>\n<h2 style=\"text-align: center;\">TARIFAS OFICIALES A\u00d1O 2026<\/h2>\n<p>[\/et_pb_text][\/et_pb_column][\/et_pb_row][et_pb_row column_structure=\u00bb1_4,1_4,1_4,1_4&#8243; use_custom_gutter=\u00bbon\u00bb gutter_width=\u00bb2&#8243; make_equal=\u00bbon\u00bb module_class=\u00bbtarifas\u00bb _builder_version=\u00bb4.20.0&#8243; _module_preset=\u00bbdefault\u00bb global_colors_info=\u00bb{}\u00bb][et_pb_column type=\u00bb1_4&#8243; _builder_version=\u00bb4.20.0&#8243; _module_preset=\u00bbdefault\u00bb global_colors_info=\u00bb{}\u00bb][et_pb_text admin_label=\u00bbM\u00f3dulo 1&#8243; module_class=\u00bbmodulo\u00bb _builder_version=\u00bb4.20.0&#8243; _module_preset=\u00bbdefault\u00bb global_colors_info=\u00bb{}\u00bb]<\/p>\n<h3 style=\"text-align: center;\">M\u00f3dulo 1<\/h3>\n<p><i class=\"fa-solid fa-taxi fa-2x\"><\/i><\/p>\n<p style=\"text-align: center;\">De lunes a viernes<br \/>de 7 a 21 horas.<\/p>\n<p>[\/et_pb_text][et_pb_text admin_label=\u00bbPrecios\u00bb module_class=\u00bbprices\u00bb _builder_version=\u00bb4.20.0&#8243; _module_preset=\u00bbdefault\u00bb global_colors_info=\u00bb{}\u00bb]<\/p>\n<ul>\n<li>BAJADA DE BANDERA<br \/>\n<h4>3.60\u20ac<\/h4>\n<\/li>\n<li>KM RECORRIDO<br \/>\n<h4>1.35\u20ac<\/h4>\n<\/li>\n<li>HORA DE ESPERA<br \/>\n<h4>23.86\u20ac<\/h4>\n<\/li>\n<li>AVISO TELEF\u00d3NICO<br \/>\n<h4>1.85\u20ac<\/h4>\n<\/li>\n<li>PERROS Y MALETAS GRANDES<br \/>\n<h4>0.00\u20ac<\/h4>\n<\/li>\n<li>M\u00c1S DE 4 PASAJEROS<br \/>\n<h4>4.60\u20ac<\/h4>\n<\/li>\n<\/ul>\n<p>[\/et_pb_text][\/et_pb_column][et_pb_column type=\u00bb1_4&#8243; _builder_version=\u00bb4.20.0&#8243; _module_preset=\u00bbdefault\u00bb global_colors_info=\u00bb{}\u00bb][et_pb_text admin_label=\u00bbM\u00f3dulo 2&#8243; module_class=\u00bbmodulo\u00bb _builder_version=\u00bb4.20.0&#8243; _module_preset=\u00bbdefault\u00bb global_colors_info=\u00bb{}\u00bb]<\/p>\n<h3 style=\"text-align: center;\">M\u00f3dulo 2<\/h3>\n<p><i class=\"fa-solid fa-taxi fa-2x\"><\/i><\/p>\n<p style=\"text-align: center;\">De lunes a viernes<br \/>de 7 a 21 horas.<br \/>S\u00e1bados, Domingos y festivos<br \/>de 0 a 24 horas.<\/p>\n<p>[\/et_pb_text][et_pb_text admin_label=\u00bbPrecios\u00bb module_class=\u00bbprices\u00bb _builder_version=\u00bb4.20.0&#8243; _module_preset=\u00bbdefault\u00bb global_colors_info=\u00bb{}\u00bb]<\/p>\n<ul>\n<li>BAJADA DE BANDERA<br \/>\n<h4>3.70\u20ac<\/h4>\n<\/li>\n<li>KM RECORRIDO<br \/>\n<h4>1.47\u20ac<\/h4>\n<\/li>\n<li>HORA DE ESPERA<br \/>\n<h4>25.00\u20ac<\/h4>\n<\/li>\n<li>AVISO TELEF\u00d3NICO<br \/>\n<h4>1.85\u20ac<\/h4>\n<\/li>\n<li>PERROS Y MALETAS GRANDES<br \/>\n<h4>0.00\u20ac<\/h4>\n<\/li>\n<li>NOCHES FINES DE SEMANA<br \/>\n<h4>2.50\u20ac<\/h4>\n<\/li>\n<li>NOCHES FIESTAS ESPECIALES<br \/>\n<h4>4.10\u20ac<\/h4>\n<\/li>\n<li>M\u00c1S DE 4 PASAJEROS<br \/>\n<h4>4.60\u20ac<\/h4>\n<\/li>\n<\/ul>\n<p>[\/et_pb_text][\/et_pb_column][et_pb_column type=\u00bb1_4&#8243; _builder_version=\u00bb4.20.0&#8243; _module_preset=\u00bbdefault\u00bb global_colors_info=\u00bb{}\u00bb][et_pb_text admin_label=\u00bbM\u00f3dulo 6&#8243; module_class=\u00bbmodulo\u00bb _builder_version=\u00bb4.20.0&#8243; _module_preset=\u00bbdefault\u00bb global_colors_info=\u00bb{}\u00bb]<\/p>\n<h3 style=\"text-align: center;\">M\u00f3dulo 6<\/h3>\n<p><i class=\"fa-solid fa-taxi fa-2x\"><\/i><\/p>\n<p style=\"text-align: center;\">De lunes a viernes<br \/>\nde 8 a 20 horas.<\/p>\n<p>[\/et_pb_text][et_pb_text admin_label=\u00bbPrecios\u00bb module_class=\u00bbprices\u00bb _builder_version=\u00bb4.20.0&#8243; _module_preset=\u00bbdefault\u00bb global_colors_info=\u00bb{}\u00bb]<\/p>\n<ul>\n<li>BAJADA DE BANDERA<br \/>\n<h4>7.25\u20ac<\/h4>\n<\/li>\n<li>KM RECORRIDO<br \/>\n<h4>1.64\u20ac<\/h4>\n<\/li>\n<li>HORA DE ESPERA<br \/>\n<h4>22.47\u20ac<\/h4>\n<\/li>\n<li>AVISO TELEF\u00d3NICO<br \/>\n<h4>1.85\u20ac<\/h4>\n<\/li>\n<li>AEROPUERTO ENTRADA\/SALIDA<br \/>\n<h4>4.60\u20ac<\/h4>\n<\/li>\n<li>M\u00c1S DE 4 PASAJEROS<br \/>\n<h4>4.60\u20ac<\/h4>\n<\/li>\n<\/ul>\n<p>[\/et_pb_text][\/et_pb_column][et_pb_column type=\u00bb1_4&#8243; _builder_version=\u00bb4.20.0&#8243; _module_preset=\u00bbdefault\u00bb global_colors_info=\u00bb{}\u00bb][et_pb_text admin_label=\u00bbM\u00f3dulo 7&#8243; module_class=\u00bbmodulo\u00bb _builder_version=\u00bb4.20.0&#8243; _module_preset=\u00bbdefault\u00bb global_colors_info=\u00bb{}\u00bb]<\/p>\n<h3 style=\"text-align: center;\">M\u00f3dulo 7<\/h3>\n<p><i class=\"fa-solid fa-taxi fa-2x\"><\/i><\/p>\n<p style=\"text-align: center;\">De lunes a viernes<br \/>de 20 a 8 horas.<br \/>S\u00e1bados, Domingos y festivos<br \/>de 0 a 24 horas.<\/p>\n<p>[\/et_pb_text][et_pb_text admin_label=\u00bbPrecios\u00bb module_class=\u00bbprices\u00bb _builder_version=\u00bb4.20.0&#8243; _module_preset=\u00bbdefault\u00bb global_colors_info=\u00bb{}\u00bb]<\/p>\n<ul>\n<li>BAJADA DE BANDERA<br \/>\n<h4>7.90\u20ac<\/h4>\n<\/li>\n<li>KM RECORRIDO<br \/>\n<h4>1.78\u20ac<\/h4>\n<\/li>\n<li>HORA DE ESPERA<br \/>\n<h4>24.32\u20ac<\/h4>\n<\/li>\n<li>AVISO TELEF\u00d3NICO<br \/>\n<h4>1.80\u20ac<\/h4>\n<\/li>\n<li>AEROPUERTO ENTRADA\/SALIDA<br \/>\n<h4>4.60\u20ac<\/h4>\n<\/li>\n<li>M\u00c1S DE 4 PASAJEROS<br \/>\n<h4>4.60\u20ac<\/h4>\n<\/li>\n<\/ul>\n<p>[\/et_pb_text][\/et_pb_column][\/et_pb_row][et_pb_row _builder_version=\u00bb4.20.0&#8243; _module_preset=\u00bbdefault\u00bb global_colors_info=\u00bb{}\u00bb][et_pb_column type=\u00bb4_4&#8243; _builder_version=\u00bb4.20.0&#8243; _module_preset=\u00bbdefault\u00bb global_colors_info=\u00bb{}\u00bb][et_pb_text admin_label=\u00bb937 16 62 62&#8243; _builder_version=\u00bb4.20.0&#8243; _module_preset=\u00bbdefault\u00bb global_colors_info=\u00bb{}\u00bb]<\/p>\n<h2 style=\"text-align: center;\"><a href=\"tel:937166262\"><i class=\"fa-solid fa-phone-flip\"><\/i> 93 716 62 62<\/a><\/h2>\n<p>[\/et_pb_text][\/et_pb_column][\/et_pb_row][\/et_pb_section][et_pb_section fb_built=\u00bb1&#8243; admin_label=\u00bbSecci\u00f3n EMPRESA\u00bb module_id=\u00bbempresa\u00bb _builder_version=\u00bb4.20.0&#8243; _module_preset=\u00bbdefault\u00bb global_colors_info=\u00bb{}\u00bb][et_pb_row module_class=\u00bbsection-title\u00bb _builder_version=\u00bb4.20.0&#8243; _module_preset=\u00bbdefault\u00bb width=\u00bb100%\u00bb max_width=\u00bb2560px\u00bb global_colors_info=\u00bb{}\u00bb][et_pb_column type=\u00bb4_4&#8243; _builder_version=\u00bb4.20.0&#8243; _module_preset=\u00bbdefault\u00bb global_colors_info=\u00bb{}\u00bb][et_pb_text admin_label=\u00bbEmpresa\u00bb _builder_version=\u00bb4.20.0&#8243; _module_preset=\u00bbdefault\u00bb global_colors_info=\u00bb{}\u00bb]<\/p>\n<h2 style=\"text-align: center;\">Empresa<\/h2>\n<p>[\/et_pb_text][\/et_pb_column][\/et_pb_row][et_pb_row _builder_version=\u00bb4.20.0&#8243; _module_preset=\u00bbdefault\u00bb global_colors_info=\u00bb{}\u00bb][et_pb_column type=\u00bb4_4&#8243; _builder_version=\u00bb4.20.0&#8243; _module_preset=\u00bbdefault\u00bb global_colors_info=\u00bb{}\u00bb][et_pb_text admin_label=\u00bbM\u00e1s de 45 a\u00f1os de experiencia, lo cual nos convierte en una empresa l\u00edder dentro del sector del taxi en Sabadell.\u00bb _builder_version=\u00bb4.20.0&#8243; _module_preset=\u00bbdefault\u00bb global_colors_info=\u00bb{}\u00bb]<\/p>\n<h2 style=\"text-align: center;\">M\u00e1s de 49 a\u00f1os de experiencia, lo cual nos convierte en una empresa l\u00edder dentro del sector del taxi en Sabadell.<\/h2>\n<p>[\/et_pb_text][et_pb_text admin_label=\u00bbPrestamos servicio las 24 horas del d\u00eda los 365 d\u00edas del a\u00f1o,\u00bb _builder_version=\u00bb4.20.0&#8243; _module_preset=\u00bbdefault\u00bb global_colors_info=\u00bb{}\u00bb]<\/p>\n<h2 style=\"text-align: center;\">Prestamos servicio las 24 horas del d\u00eda los 365 d\u00edas del a\u00f1o,  siempre mediante reserva previa. Los servicios inmediatos est\u00e1n sujetos a disponibilidad en el momento de la petici\u00f3n.<\/h2>\n<p>[\/et_pb_text][et_pb_text admin_label=\u00bbEvite esperas innecesarias y sobresaltos reservando su taxi de forma anticipada.\u00bb _builder_version=\u00bb4.20.0&#8243; _module_preset=\u00bbdefault\u00bb global_colors_info=\u00bb{}\u00bb]<\/p>\n<h2 style=\"text-align: center;\">Evite esperas innecesarias y sobresaltos reservando su taxi de forma anticipada.<\/h2>\n<p>[\/et_pb_text][et_pb_text admin_label=\u00bb937 16 62 62&#8243; _builder_version=\u00bb4.20.0&#8243; _module_preset=\u00bbdefault\u00bb global_colors_info=\u00bb{}\u00bb]<\/p>\n<h2 style=\"text-align: center;\"><a href=\"tel:937166262\"><i class=\"fa-solid fa-phone-flip\"><\/i> 93 716 62 62<\/a><\/h2>\n<p>[\/et_pb_text][\/et_pb_column][\/et_pb_row][et_pb_row use_custom_gutter=\u00bbon\u00bb gutter_width=\u00bb1&#8243; make_equal=\u00bbon\u00bb module_class=\u00bbservicios\u00bb _builder_version=\u00bb4.20.0&#8243; _module_preset=\u00bbdefault\u00bb width=\u00bb100%\u00bb max_width=\u00bb2560px\u00bb global_colors_info=\u00bb{}\u00bb][et_pb_column type=\u00bb4_4&#8243; _builder_version=\u00bb4.20.0&#8243; _module_preset=\u00bbdefault\u00bb global_colors_info=\u00bb{}\u00bb][et_pb_image src=\u00bbhttps:\/\/www.radiotaxicatalunya.cat\/wp-content\/uploads\/2023\/02\/flota.jpg\u00bb title_text=\u00bbflota\u00bb force_fullwidth=\u00bbon\u00bb _builder_version=\u00bb4.20.0&#8243; _module_preset=\u00bbdefault\u00bb global_colors_info=\u00bb{}\u00bb][\/et_pb_image][\/et_pb_column][\/et_pb_row][\/et_pb_section][et_pb_section fb_built=\u00bb1&#8243; admin_label=\u00bbSecci\u00f3n VEH\u00cdCULOS\u00bb module_id=\u00bbvehiculos\u00bb _builder_version=\u00bb4.20.0&#8243; _module_preset=\u00bbdefault\u00bb global_colors_info=\u00bb{}\u00bb][et_pb_row module_class=\u00bbsection-title\u00bb _builder_version=\u00bb4.20.0&#8243; _module_preset=\u00bbdefault\u00bb width=\u00bb100%\u00bb max_width=\u00bb2560px\u00bb global_colors_info=\u00bb{}\u00bb][et_pb_column type=\u00bb4_4&#8243; _builder_version=\u00bb4.20.0&#8243; _module_preset=\u00bbdefault\u00bb global_colors_info=\u00bb{}\u00bb][et_pb_text admin_label=\u00bbVeh\u00edculos\u00bb _builder_version=\u00bb4.20.0&#8243; _module_preset=\u00bbdefault\u00bb global_colors_info=\u00bb{}\u00bb]<\/p>\n<h2 style=\"text-align: center;\">Veh\u00edculos<\/h2>\n<p>[\/et_pb_text][\/et_pb_column][\/et_pb_row][et_pb_row _builder_version=\u00bb4.20.0&#8243; _module_preset=\u00bbdefault\u00bb global_colors_info=\u00bb{}\u00bb][et_pb_column type=\u00bb4_4&#8243; _builder_version=\u00bb4.20.0&#8243; _module_preset=\u00bbdefault\u00bb global_colors_info=\u00bb{}\u00bb][et_pb_text admin_label=\u00bbNuestra flota est\u00e1 formada por m\u00e1s de 20 veh\u00edculos equipados &#8230;\u00bb _builder_version=\u00bb4.20.0&#8243; _module_preset=\u00bbdefault\u00bb global_colors_info=\u00bb{}\u00bb]<\/p>\n<h2 style=\"text-align: center;\">Nuestras flota est\u00e1 formada por m\u00e1s de 20 veh\u00edculos equipados con lo \u00faltimo en tecnolog\u00eda: GPS, aire acondicionado y TPV.<br \/>\n \u00a1Ahora tambien Vehiculos El\u00e9ctricos 0 emisiones !<\/h2>\n<p>[\/et_pb_text][\/et_pb_column][\/et_pb_row][et_pb_row column_structure=\u00bb1_3,1_3,1_3&#8243; use_custom_gutter=\u00bbon\u00bb gutter_width=\u00bb1&#8243; make_equal=\u00bbon\u00bb module_class=\u00bbservicios\u00bb _builder_version=\u00bb4.20.0&#8243; _module_preset=\u00bbdefault\u00bb width=\u00bb100%\u00bb max_width=\u00bb2560px\u00bb global_colors_info=\u00bb{}\u00bb][et_pb_column type=\u00bb1_3&#8243; _builder_version=\u00bb4.20.0&#8243; _module_preset=\u00bbdefault\u00bb global_colors_info=\u00bb{}\u00bb][et_pb_gallery gallery_ids=\u00bb84&#8243; posts_number=\u00bb6&#8243; _builder_version=\u00bb4.20.0&#8243; _module_preset=\u00bbdefault\u00bb global_colors_info=\u00bb{}\u00bb][\/et_pb_gallery][et_pb_gallery gallery_ids=\u00bb89&#8243; posts_number=\u00bb6&#8243; _builder_version=\u00bb4.20.0&#8243; _module_preset=\u00bbdefault\u00bb global_colors_info=\u00bb{}\u00bb][\/et_pb_gallery][\/et_pb_column][et_pb_column type=\u00bb1_3&#8243; _builder_version=\u00bb4.20.0&#8243; _module_preset=\u00bbdefault\u00bb global_colors_info=\u00bb{}\u00bb][et_pb_gallery gallery_ids=\u00bb85&#8243; posts_number=\u00bb6&#8243; _builder_version=\u00bb4.20.0&#8243; _module_preset=\u00bbdefault\u00bb global_colors_info=\u00bb{}\u00bb][\/et_pb_gallery][et_pb_gallery gallery_ids=\u00bb87&#8243; posts_number=\u00bb6&#8243; _builder_version=\u00bb4.20.0&#8243; _module_preset=\u00bbdefault\u00bb global_colors_info=\u00bb{}\u00bb][\/et_pb_gallery][\/et_pb_column][et_pb_column type=\u00bb1_3&#8243; _builder_version=\u00bb4.20.0&#8243; _module_preset=\u00bbdefault\u00bb global_colors_info=\u00bb{}\u00bb][et_pb_gallery gallery_ids=\u00bb86&#8243; posts_number=\u00bb6&#8243; _builder_version=\u00bb4.20.0&#8243; _module_preset=\u00bbdefault\u00bb global_colors_info=\u00bb{}\u00bb][\/et_pb_gallery][et_pb_gallery gallery_ids=\u00bb99&#8243; posts_number=\u00bb6&#8243; _builder_version=\u00bb4.20.0&#8243; _module_preset=\u00bbdefault\u00bb global_colors_info=\u00bb{}\u00bb][\/et_pb_gallery][\/et_pb_column][\/et_pb_row][\/et_pb_section][et_pb_section fb_built=\u00bb1&#8243; admin_label=\u00bbSecci\u00f3n CONTACTO\u00bb module_id=\u00bbcontacto\u00bb _builder_version=\u00bb4.20.0&#8243; _module_preset=\u00bbdefault\u00bb global_colors_info=\u00bb{}\u00bb][et_pb_row module_class=\u00bbsection-title\u00bb _builder_version=\u00bb4.20.0&#8243; _module_preset=\u00bbdefault\u00bb width=\u00bb100%\u00bb max_width=\u00bb2560px\u00bb global_colors_info=\u00bb{}\u00bb][et_pb_column type=\u00bb4_4&#8243; _builder_version=\u00bb4.20.0&#8243; _module_preset=\u00bbdefault\u00bb global_colors_info=\u00bb{}\u00bb][et_pb_text admin_label=\u00bbContacto\u00bb _builder_version=\u00bb4.20.0&#8243; _module_preset=\u00bbdefault\u00bb global_colors_info=\u00bb{}\u00bb]<\/p>\n<h2 style=\"text-align: center;\">Contacto<\/h2>\n<p>[\/et_pb_text][\/et_pb_column][\/et_pb_row][et_pb_row _builder_version=\u00bb4.20.0&#8243; _module_preset=\u00bbdefault\u00bb global_colors_info=\u00bb{}\u00bb][et_pb_column type=\u00bb4_4&#8243; _builder_version=\u00bb4.20.0&#8243; _module_preset=\u00bbdefault\u00bb global_colors_info=\u00bb{}\u00bb][et_pb_text admin_label=\u00bb937 16 62 62&#8243; _builder_version=\u00bb4.20.0&#8243; _module_preset=\u00bbdefault\u00bb global_colors_info=\u00bb{}\u00bb]<\/p>\n<h2 style=\"text-align: center;\"><a href=\"tel:937166262\"><i class=\"fa-solid fa-phone-flip\"><\/i> 93 716 62 62<\/a><\/h2>\n<p>[\/et_pb_text][et_pb_text _builder_version=\u00bb4.20.0&#8243; _module_preset=\u00bbdefault\u00bb global_colors_info=\u00bb{}\u00bb]<\/p>\n<p style=\"text-align: center;\">Estamos encantados de atenderle, le responderemos en la mayor brevedad de tiempo posible.<\/p>\n<p>[\/et_pb_text][et_pb_text admin_label=\u00bbFormulario\u00bb _builder_version=\u00bb4.27.4&#8243; _module_preset=\u00bbdefault\u00bb global_colors_info=\u00bb{}\u00bb]\n<div class=\"wpcf7 no-js\" id=\"wpcf7-f457-o1\" lang=\"es-ES\" dir=\"ltr\" data-wpcf7-id=\"457\">\n<div class=\"screen-reader-response\"><p role=\"status\" aria-live=\"polite\" aria-atomic=\"true\"><\/p> <ul><\/ul><\/div>\n<form action=\"\/es\/wp-json\/wp\/v2\/pages\/2#wpcf7-f457-o1\" method=\"post\" class=\"wpcf7-form init\" aria-label=\"Formulario de contacto\" novalidate=\"novalidate\" data-status=\"init\">\n<fieldset class=\"hidden-fields-container\"><input type=\"hidden\" name=\"_wpcf7\" value=\"457\" \/><input type=\"hidden\" name=\"_wpcf7_version\" value=\"6.1.5\" \/><input type=\"hidden\" name=\"_wpcf7_locale\" value=\"es_ES\" \/><input type=\"hidden\" name=\"_wpcf7_unit_tag\" value=\"wpcf7-f457-o1\" \/><input type=\"hidden\" name=\"_wpcf7_container_post\" value=\"0\" \/><input type=\"hidden\" name=\"_wpcf7_posted_data_hash\" value=\"\" \/><input type=\"hidden\" name=\"_wpcf7_recaptcha_response\" value=\"\" \/>\n<\/fieldset>\n<p><label> Nombre<br \/>\n<span class=\"wpcf7-form-control-wrap\" data-name=\"your-name\"><input size=\"40\" maxlength=\"400\" class=\"wpcf7-form-control wpcf7-text wpcf7-validates-as-required\" aria-required=\"true\" aria-invalid=\"false\" value=\"\" type=\"text\" name=\"your-name\" \/><\/span> <\/label>\n<\/p>\n<p><label> Email<br \/>\n<span class=\"wpcf7-form-control-wrap\" data-name=\"your-email\"><input size=\"40\" maxlength=\"400\" class=\"wpcf7-form-control wpcf7-email wpcf7-validates-as-required wpcf7-text wpcf7-validates-as-email\" aria-required=\"true\" aria-invalid=\"false\" value=\"\" type=\"email\" name=\"your-email\" \/><\/span> <\/label>\n<\/p>\n<p><label> Tel\u00e9fono<br \/>\n<span class=\"wpcf7-form-control-wrap\" data-name=\"your-tel\"><input size=\"40\" maxlength=\"400\" class=\"wpcf7-form-control wpcf7-tel wpcf7-validates-as-required wpcf7-text wpcf7-validates-as-tel\" aria-required=\"true\" aria-invalid=\"false\" value=\"\" type=\"tel\" name=\"your-tel\" \/><\/span> <\/label>\n<\/p>\n<p><label> Mensaje<br \/>\n<span class=\"wpcf7-form-control-wrap\" data-name=\"your-message\"><textarea cols=\"40\" rows=\"10\" maxlength=\"2000\" class=\"wpcf7-form-control wpcf7-textarea wpcf7-validates-as-required\" aria-required=\"true\" aria-invalid=\"false\" name=\"your-message\"><\/textarea><\/span> <\/label>\n<\/p>\n<p><span class=\"wpcf7-form-control-wrap\" data-name=\"acepto\"><span class=\"wpcf7-form-control wpcf7-acceptance\"><span class=\"wpcf7-list-item\"><label><input type=\"checkbox\" name=\"acepto\" value=\"1\" aria-invalid=\"false\" \/><span class=\"wpcf7-list-item-label\">He le\u00eddo y acepto la <a href=\"politica-de-privacidad\">Pol\u00edtica de privacidad<\/a><\/span><\/label><\/span><\/span><\/span>\n<\/p>\n<p><input class=\"wpcf7-form-control wpcf7-submit has-spinner\" type=\"submit\" value=\"Enviar\" \/>\n<\/p>\n<div class=\"wpcf7-response-output\" aria-hidden=\"true\"><\/div>\n<\/form>\n<\/div>\n[\/et_pb_text][\/et_pb_column][\/et_pb_row][\/et_pb_section]<\/p>\n","protected":false},"excerpt":{"rendered":"<p><div id=\"metaslider-id-232\" style=\"width: 100%;\" class=\"ml-slider-3-108-0 metaslider metaslider-nivo metaslider-232 ml-slider ms-theme-default\" role=\"region\" aria-label=\"Nueva presentaci\u00f3n de diapositivas\" data-height=\"655\" data-width=\"2000\">\n    <div id=\"metaslider_container_232\">\n        <div class='slider-wrapper theme-default'><div class='ribbon'><\/div><div id='metaslider_232' class='nivoSlider'><a href=\"tel:937166262\" target=\"_self\"><img loading=\"lazy\" decoding=\"async\" src=\"https:\/\/www.radiotaxicatalunya.cat\/wp-content\/uploads\/2023\/03\/slide1esp-2000x655.jpg\" height=\"655\" width=\"2000\" title=\"Taxi_Catalunya_DIPTICO_OUT.fh11\" alt=\"\" class=\"slider-232 slide-233 msDefaultImage\" \/><\/a><a href=\"tel:937166262\" target=\"_self\"><img loading=\"lazy\" decoding=\"async\" src=\"https:\/\/www.radiotaxicatalunya.cat\/wp-content\/uploads\/2023\/03\/slide2esp-1990x652.jpg\" height=\"655\" width=\"2000\" title=\"Taxi_Catalunya_DIPTICO_OUT.fh11\" alt=\"\" class=\"slider-232 slide-234 msDefaultImage\" \/><\/a><\/div><\/div>\n        \n    <\/div>\n<\/div>Servicio Taxi SabadellServicio Taxi Sant Quirze del Vall\u00e8sReservas anticipadasFlota con m\u00e1s de 20 veh\u00edculosPago con tarjetaVeh\u00edculos de 7 plazasTe damos la bienvenida a nuestra p\u00e1gina web. Somos tu compa\u00f1\u00eda de taxis de confianza en Sabadell y Sant Quirze del Vall\u00e8sServiciosAtenci\u00f3n personalizada y disponibilidad las 24 horas, los 365 d\u00edas del a\u00f1o, previa reserva. Los [&hellip;]<\/p>\n","protected":false},"author":1,"featured_media":0,"parent":0,"menu_order":0,"comment_status":"closed","ping_status":"open","template":"","meta":{"_et_pb_use_builder":"on","_et_pb_old_content":"","_et_gb_content_width":"","_joinchat":[],"footnotes":""},"class_list":["post-2","page","type-page","status-publish","hentry"],"_links":{"self":[{"href":"https:\/\/www.radiotaxicatalunya.cat\/es\/wp-json\/wp\/v2\/pages\/2","targetHints":{"allow":["GET"]}}],"collection":[{"href":"https:\/\/www.radiotaxicatalunya.cat\/es\/wp-json\/wp\/v2\/pages"}],"about":[{"href":"https:\/\/www.radiotaxicatalunya.cat\/es\/wp-json\/wp\/v2\/types\/page"}],"author":[{"embeddable":true,"href":"https:\/\/www.radiotaxicatalunya.cat\/es\/wp-json\/wp\/v2\/users\/1"}],"replies":[{"embeddable":true,"href":"https:\/\/www.radiotaxicatalunya.cat\/es\/wp-json\/wp\/v2\/comments?post=2"}],"version-history":[{"count":121,"href":"https:\/\/www.radiotaxicatalunya.cat\/es\/wp-json\/wp\/v2\/pages\/2\/revisions"}],"predecessor-version":[{"id":495,"href":"https:\/\/www.radiotaxicatalunya.cat\/es\/wp-json\/wp\/v2\/pages\/2\/revisions\/495"}],"wp:attachment":[{"href":"https:\/\/www.radiotaxicatalunya.cat\/es\/wp-json\/wp\/v2\/media?parent=2"}],"curies":[{"name":"wp","href":"https:\/\/api.w.org\/{rel}","templated":true}]}}